{"id":20420,"date":"2025-02-03T10:37:57","date_gmt":"2025-02-03T09:37:57","guid":{"rendered":"https:\/\/seiersborg.vgs.no\/fredrikstad\/?page_id=20420"},"modified":"2026-02-16T12:40:18","modified_gmt":"2026-02-16T11:40:18","slug":"ofte-stilte-sporsmal-qa","status":"publish","type":"page","link":"https:\/\/seiersborg.vgs.no\/fredrikstad\/ofte-stilte-sporsmal-qa\/","title":{"rendered":"Ofte stilte sp\u00f8rsm\u00e5l (Q&#038;A)"},"content":{"rendered":"\n<div class=\"cs-top wp-block-group alignfull has-primary-beige-background-color has-background eplus-wrapper is-layout-constrained wp-block-group-is-layout-constrained\"><div class=\"wp-block-group__inner-container\">\n<div class=\"container-rounded-corners wp-block-group has-light-beige-background-color has-background eplus-wrapper is-layout-constrained wp-block-group-is-layout-constrained\"><div class=\"wp-block-group__inner-container\"><div class=\" wp-block-columns alignfull are-vertically-aligned-center eplus-wrapper is-layout-flex wp-container-5 wp-block-columns-is-layout-flex eplus-styles-uid-dcebce\">\n<div class=\" wp-block-column eplus-wrapper is-layout-flow wp-block-column-is-layout-flow\" style=\"flex-basis:10px\"><\/div>\n\n\n\n<div class=\" wp-block-column is-vertically-aligned-center eplus-wrapper is-layout-flow wp-block-column-is-layout-flow\">\n<h2 class=\" wp-block-heading has-primary-blue-color has-text-color eplus-wrapper\">Vanlige sp\u00f8rsm\u00e5l (Q&amp;A)<\/h2>\n\n\n\n<p class=\" has-text-align-left has-dark-blue-color has-text-color has-medium-font-size eplus-wrapper\"><strong>Vi vet det er en del \u00e5 tenke p\u00e5 n\u00e5r du skal velge skole. Derfor har vi samlet svar p\u00e5 de vanligste sp\u00f8rsm\u00e5lene her.<\/strong><\/p>\n\n\n<figure class=\"button-round wp-block-image size-large eplus-wrapper eplus-styles-uid-4a8f68\"><a href=\"#info\"><img decoding=\"async\" loading=\"lazy\" width=\"34\" height=\"34\" src=\"https:\/\/seiersborg.vgs.no\/fredrikstad\/wp-content\/uploads\/sites\/1\/2023\/08\/arrow-circle-down.svg\" alt=\"\" class=\"wp-image-688\"><\/a><\/figure><\/div>\n\n\n\n<div class=\" wp-block-column eplus-wrapper is-layout-flow wp-block-column-is-layout-flow\" style=\"flex-basis:5px\"><\/div>\n\n\n\n<div class=\" wp-block-column is-vertically-aligned-center eplus-wrapper is-layout-flow wp-block-column-is-layout-flow\">\n<figure class=\" wp-block-image size-large eplus-wrapper\"><img decoding=\"async\" loading=\"lazy\" width=\"1024\" height=\"683\" src=\"https:\/\/seiersborg.vgs.no\/fredrikstad\/wp-content\/uploads\/sites\/1\/2025\/01\/Bygg_web-4-1024x683.jpg\" alt=\"\" class=\"wp-image-20433\" srcset=\"https:\/\/seiersborg.vgs.no\/fredrikstad\/wp-content\/uploads\/sites\/1\/2025\/01\/Bygg_web-4-1024x683.jpg 1024w, https:\/\/seiersborg.vgs.no\/fredrikstad\/wp-content\/uploads\/sites\/1\/2025\/01\/Bygg_web-4-300x200.jpg 300w, https:\/\/seiersborg.vgs.no\/fredrikstad\/wp-content\/uploads\/sites\/1\/2025\/01\/Bygg_web-4-768x512.jpg 768w, https:\/\/seiersborg.vgs.no\/fredrikstad\/wp-content\/uploads\/sites\/1\/2025\/01\/Bygg_web-4-1536x1024.jpg 1536w, https:\/\/seiersborg.vgs.no\/fredrikstad\/wp-content\/uploads\/sites\/1\/2025\/01\/Bygg_web-4.jpg 1600w\" sizes=\"(max-width: 1024px) 100vw, 1024px\" \/><\/figure>\n<\/div>\n<\/div><\/div><\/div>\n<\/div><\/div>\n\n\n\n<div class=\" wp-block-group eplus-wrapper is-layout-constrained wp-block-group-is-layout-constrained\"><div class=\"wp-block-group__inner-container\">\n<div style=\"height:104px\" aria-hidden=\"true\" class=\" wp-block-spacer eplus-wrapper\"><\/div>\n\n\n<div class=\" wp-block-columns eplus-wrapper is-layout-flex wp-container-11 wp-block-columns-is-layout-flex eplus-styles-uid-cb6e99\">\n<div class=\" wp-block-column is-vertically-aligned-top eplus-wrapper is-layout-flow wp-block-column-is-layout-flow\"><p class=\" has-text-align-left has-black-color has-text-color has-medium-font-size eplus-wrapper eplus-styles-uid-cbd45c\">Her gir vi deg noen svar p\u00e5 det du kanskje lurer p\u00e5. Om du ikke finner svar p\u00e5 ditt sp\u00f8rsm\u00e5l er det bare til \u00e5 ta kontakt med oss.<\/p><\/div>\n\n\n\n<div class=\" wp-block-column is-vertically-aligned-top eplus-wrapper is-layout-flow wp-block-column-is-layout-flow\"><p class=\" has-text-align-center has-dark-blue-color has-text-color has-medium-font-size eplus-wrapper eplus-styles-uid-cbd45c\"><\/p>\n\n\n<div class=\" wp-block-buttons alignfull eplus-wrapper is-content-justification-center is-layout-flex wp-container-9 wp-block-buttons-is-layout-flex\"><div class=\" ep-custom-buttons-icon wp-block-button has-custom-font-size has-medium-font-size eplus-wrapper eplus-styles-uid-540cae\"><a class=\"wp-block-button__link has-white-color has-primary-blue-background-color has-text-color has-background has-text-align-center wp-element-button\" href=\"https:\/\/seiersborg.vgs.no\/fredrikstad\/kontakt\/\" style=\"border-radius:0px\"><strong>Andre sp\u00f8rsm\u00e5l? Ta kontakt!<\/strong><\/a><\/div><\/div>\n<\/div>\n<\/div><\/div><\/div>\n\n\n\n<div class=\" wp-block-group eplus-wrapper is-layout-constrained wp-block-group-is-layout-constrained\"><div class=\"wp-block-group__inner-container\"><div class=\" wp-block-columns eplus-wrapper is-layout-flex wp-container-14 wp-block-columns-is-layout-flex eplus-styles-uid-57129c\">\n<div class=\" wp-block-column eplus-wrapper is-layout-flow wp-block-column-is-layout-flow\"><div class=\"wp-block-ub-content-toggle wp-block-ub-content-toggle-block\" id=\"ub-content-toggle-block-8fb850b0-3f65-4ffc-9658-0ad5013f0634\" data-mobilecollapse=\"false\" data-desktopcollapse=\"false\" data-preventcollapse=\"false\" data-showonlyone=\"true\">\n<div class=\"wp-block-ub-content-toggle-accordion\" style=\"border-color: #DCEAE9; \" id=\"ub-content-toggle-panel-block-\">\n\t\t\t<div class=\"wp-block-ub-content-toggle-accordion-title-wrap\" style=\"background-color: #DCEAE9;\" aria-controls=\"ub-content-toggle-panel-0-8fb850b0-3f65-4ffc-9658-0ad5013f0634\" tabindex=\"0\">\n\t\t\t<h3 class=\"wp-block-ub-content-toggle-accordion-title ub-content-toggle-title-8fb850b0-3f65-4ffc-9658-0ad5013f0634\" style=\"color: #000000; \"><strong>N\u00e5r er det s\u00f8knadsfrist?<\/strong><\/h3>\n\t\t\t<div class=\"wp-block-ub-content-toggle-accordion-toggle-wrap right\" style=\"color: #000000;\"><span class=\"wp-block-ub-content-toggle-accordion-state-indicator wp-block-ub-chevron-down\"><\/span><\/div>\n\t\t<\/div>\n\t\t\t<div role=\"region\" aria-expanded=\"false\" class=\"wp-block-ub-content-toggle-accordion-content-wrap ub-hide\" id=\"ub-content-toggle-panel-0-8fb850b0-3f65-4ffc-9658-0ad5013f0634\">\n<p class=\" eplus-wrapper eplus-styles-uid-a62243\">S\u00f8knadsfristen p\u00e5 skolen v\u00e5r i Fredrikstad er 15. mars.<\/p>\n<\/div>\n\t\t<\/div>\n<\/div>\n\n<div class=\"wp-block-ub-content-toggle wp-block-ub-content-toggle-block\" id=\"ub-content-toggle-block-decfc88f-1082-4f39-8d83-82a6aa9b5d43\" data-mobilecollapse=\"false\" data-desktopcollapse=\"false\" data-preventcollapse=\"false\" data-showonlyone=\"true\">\n<div class=\"wp-block-ub-content-toggle-accordion\" style=\"border-color: #DCEAE9; \" id=\"ub-content-toggle-panel-block-\">\n\t\t\t<div class=\"wp-block-ub-content-toggle-accordion-title-wrap\" style=\"background-color: #DCEAE9;\" aria-controls=\"ub-content-toggle-panel-0-decfc88f-1082-4f39-8d83-82a6aa9b5d43\" tabindex=\"0\">\n\t\t\t<h3 class=\"wp-block-ub-content-toggle-accordion-title ub-content-toggle-title-decfc88f-1082-4f39-8d83-82a6aa9b5d43\" style=\"color: #000000; \"><strong>Hvordan s\u00f8ker man skoleplass?<\/strong><\/h3>\n\t\t\t<div class=\"wp-block-ub-content-toggle-accordion-toggle-wrap right\" style=\"color: #000000;\"><span class=\"wp-block-ub-content-toggle-accordion-state-indicator wp-block-ub-chevron-down\"><\/span><\/div>\n\t\t<\/div>\n\t\t\t<div role=\"region\" aria-expanded=\"false\" class=\"wp-block-ub-content-toggle-accordion-content-wrap ub-hide\" id=\"ub-content-toggle-panel-0-decfc88f-1082-4f39-8d83-82a6aa9b5d43\">\n<p class=\" eplus-wrapper eplus-styles-uid-a62243\">S\u00f8knader sendes via s\u00f8knadsportalen til iSkole, og v\u00e5rt <a href=\"https:\/\/seiersborg.iskole.net\/soker\/?ojr=interessent\">s\u00f8knadsskjema<\/a>. S\u00f8knadsskjemaet er usikret og ukryptert, s\u00e5 det er derfor viktig at sensitive opplysninger ikke legges inn her. Husk at det sammen med s\u00f8knaden skal legges ved et anbefalingsbrev. Dette er en faglig vurdering eller en sakkyndig uttalelse som bekrefter at eleven har l\u00e6revansker og en funksjonsnedsettelse, og at det dermed er behov for \u00e5 p\u00e5 Seiersborg videreg\u00e5ende skole Fredrikstad. <\/p>\n\n<p class=\" eplus-wrapper eplus-styles-uid-a62243\">Ansatt i kommunen eller fylkeskommunen kan sende anbefalingsbrev sendes via egne skolesystemer.<\/p>\n<\/div>\n\t\t<\/div>\n<\/div>\n\n<div class=\"wp-block-ub-content-toggle wp-block-ub-content-toggle-block\" id=\"ub-content-toggle-block-fcd9a2eb-69a7-4802-b3de-e8abeaac2b96\" data-mobilecollapse=\"false\" data-desktopcollapse=\"false\" data-preventcollapse=\"false\" data-showonlyone=\"true\">\n<div class=\"wp-block-ub-content-toggle-accordion\" style=\"border-color: #DCEAE9; \" id=\"ub-content-toggle-panel-block-\">\n\t\t\t<div class=\"wp-block-ub-content-toggle-accordion-title-wrap\" style=\"background-color: #DCEAE9;\" aria-controls=\"ub-content-toggle-panel-0-fcd9a2eb-69a7-4802-b3de-e8abeaac2b96\" tabindex=\"0\">\n\t\t\t<h3 class=\"wp-block-ub-content-toggle-accordion-title ub-content-toggle-title-fcd9a2eb-69a7-4802-b3de-e8abeaac2b96\" style=\"color: #000000; \"><strong>Hvilke programomr\u00e5der kan jeg velge mellom p\u00e5 Seiersborg?<\/strong><\/h3>\n\t\t\t<div class=\"wp-block-ub-content-toggle-accordion-toggle-wrap right\" style=\"color: #000000;\"><span class=\"wp-block-ub-content-toggle-accordion-state-indicator wp-block-ub-chevron-down\"><\/span><\/div>\n\t\t<\/div>\n\t\t\t<div role=\"region\" aria-expanded=\"false\" class=\"wp-block-ub-content-toggle-accordion-content-wrap ub-hide\" id=\"ub-content-toggle-panel-0-fcd9a2eb-69a7-4802-b3de-e8abeaac2b96\">\n<p class=\" eplus-wrapper eplus-styles-uid-a62243\">Hos oss kan du velge i f\u00f8lgende programomr\u00e5der:<\/p>\n\n<ul class=\" eplus-wrapper eplus-styles-uid-c06f48\">\n<li class=\" eplus-wrapper\">vg1 helse- og oppvekstfag<\/li>\n\n\n\n<li class=\" eplus-wrapper\">vg1 bygg- og anleggsteknikk<\/li>\n\n\n\n<li class=\" eplus-wrapper\">vg1 fris\u00f8r, blomster, interi\u00f8r og eksponeringsdesign<\/li>\n\n\n\n<li class=\" eplus-wrapper\">vg1 salg, service og reiseliv<\/li>\n\n\n\n<li class=\" eplus-wrapper\">vg1 teknologi og industrifag<\/li>\n\n\n\n<li class=\" eplus-wrapper\">vg2 barne- og ungdomsarbeiderfag<\/li>\n\n\n\n<li class=\" eplus-wrapper\">vg2 helsearbeiderfag<\/li>\n\n\n\n<li class=\" eplus-wrapper\">vg2 t\u00f8mrer<\/li>\n\n\n\n<li class=\" eplus-wrapper\">vg2 fris\u00f8r<\/li>\n\n\n\n<li class=\" eplus-wrapper\">vg2 salg og reiseliv<\/li>\n\n\n\n<li class=\" eplus-wrapper\">vg2 industriteknologi<\/li>\n\n\n\n<li class=\" eplus-wrapper\">vg3 p\u00e5bygg<\/li>\n<\/ul>\n\n\n<p class=\" eplus-wrapper\"><a href=\"https:\/\/seiersborg.vgs.no\/fredrikstad\/vart-utdanningstilbud\/\">Les mer om v\u00e5rt utdanningstilbud her.<\/a><\/p>\n\n<\/div>\n\t\t<\/div>\n<\/div>\n\n<div class=\"wp-block-ub-content-toggle wp-block-ub-content-toggle-block\" id=\"ub-content-toggle-block-bf876941-9269-441c-8f9a-6d7c411485ea\" data-mobilecollapse=\"false\" data-desktopcollapse=\"false\" data-preventcollapse=\"false\" data-showonlyone=\"true\">\n<div class=\"wp-block-ub-content-toggle-accordion\" style=\"border-color: #DCEAE9; \" id=\"ub-content-toggle-panel-block-\">\n\t\t\t<div class=\"wp-block-ub-content-toggle-accordion-title-wrap\" style=\"background-color: #DCEAE9;\" aria-controls=\"ub-content-toggle-panel-0-bf876941-9269-441c-8f9a-6d7c411485ea\" tabindex=\"0\">\n\t\t\t<h3 class=\"wp-block-ub-content-toggle-accordion-title ub-content-toggle-title-bf876941-9269-441c-8f9a-6d7c411485ea\" style=\"color: #000000; \"><strong>Kan man s\u00f8ke L\u00e5nekassen?<\/strong><\/h3>\n\t\t\t<div class=\"wp-block-ub-content-toggle-accordion-toggle-wrap right\" style=\"color: #000000;\"><span class=\"wp-block-ub-content-toggle-accordion-state-indicator wp-block-ub-chevron-down\"><\/span><\/div>\n\t\t<\/div>\n\t\t\t<div role=\"region\" aria-expanded=\"false\" class=\"wp-block-ub-content-toggle-accordion-content-wrap ub-hide\" id=\"ub-content-toggle-panel-0-bf876941-9269-441c-8f9a-6d7c411485ea\">\n<p class=\" eplus-wrapper eplus-styles-uid-a48d74\">Alle som g\u00e5r p\u00e5 videreg\u00e5ende skole, kan f\u00e5 stipend fra L\u00e5nekassen. De fleste f\u00e5r bare utstyrsstipend, men noen f\u00e5r ogs\u00e5 borteboerstipend og inntektsavhengig stipend. Du m\u00e5 ha en skoleplass f\u00f8r du s\u00f8ker L\u00e5nekassen.  Kontakt r\u00e5dgiver hos oss eller har sp\u00f8rsm\u00e5l. Du kan ogs\u00e5 lese mer i v\u00e5rt <a href=\"https:\/\/seiersborg.vgs.no\/fredrikstad\/wp-content\/uploads\/sites\/1\/2025\/01\/Infohefte-for-elever-2024-25.pdf\">informasjonshefte<\/a>.<\/p>\n<\/div>\n\t\t<\/div>\n<\/div>\n\n<div class=\"wp-block-ub-content-toggle wp-block-ub-content-toggle-block\" id=\"ub-content-toggle-block-778798f8-f7ea-4f4b-872e-bac3399ac378\" data-mobilecollapse=\"false\" data-desktopcollapse=\"false\" data-preventcollapse=\"false\" data-showonlyone=\"true\">\n<div class=\"wp-block-ub-content-toggle-accordion\" style=\"border-color: #DCEAE9; \" id=\"ub-content-toggle-panel-block-\">\n\t\t\t<div class=\"wp-block-ub-content-toggle-accordion-title-wrap\" style=\"background-color: #DCEAE9;\" aria-controls=\"ub-content-toggle-panel-0-778798f8-f7ea-4f4b-872e-bac3399ac378\" tabindex=\"0\">\n\t\t\t<h3 class=\"wp-block-ub-content-toggle-accordion-title ub-content-toggle-title-778798f8-f7ea-4f4b-872e-bac3399ac378\" style=\"color: #000000; \"><strong>Hvordan er oppstarten p\u00e5 skolen?<\/strong><\/h3>\n\t\t\t<div class=\"wp-block-ub-content-toggle-accordion-toggle-wrap right\" style=\"color: #000000;\"><span class=\"wp-block-ub-content-toggle-accordion-state-indicator wp-block-ub-chevron-down\"><\/span><\/div>\n\t\t<\/div>\n\t\t\t<div role=\"region\" aria-expanded=\"false\" class=\"wp-block-ub-content-toggle-accordion-content-wrap ub-hide\" id=\"ub-content-toggle-panel-0-778798f8-f7ea-4f4b-872e-bac3399ac378\">\n<p class=\" eplus-wrapper eplus-styles-uid-a62243\">Vi kaller den f\u00f8rste uka p\u00e5 skolen etter sommerferien for &laquo;Myk start-uke&raquo;. Vi bruker tid p\u00e5 \u00e5 bli kjent med skolen og hverandre for \u00e5 skape et trygt og godt klassemilj\u00f8.<\/p>\n\n\n<p class=\" eplus-wrapper\">Vi drar for eksempel p\u00e5 korte turer i n\u00e6romr\u00e5det og gj\u00f8r noen praktiske oppgaver knyttet til de ulike fagene.<\/p>\n\n<\/div>\n\t\t<\/div>\n<\/div>\n\n<div class=\"wp-block-ub-content-toggle wp-block-ub-content-toggle-block\" id=\"ub-content-toggle-block-ae4fa643-85b4-48c2-a5dd-4d4b7cc62912\" data-mobilecollapse=\"false\" data-desktopcollapse=\"false\" data-preventcollapse=\"false\" data-showonlyone=\"true\">\n<div class=\"wp-block-ub-content-toggle-accordion\" style=\"border-color: #DCEAE9; \" id=\"ub-content-toggle-panel-block-\">\n\t\t\t<div class=\"wp-block-ub-content-toggle-accordion-title-wrap\" style=\"background-color: #DCEAE9;\" aria-controls=\"ub-content-toggle-panel-0-ae4fa643-85b4-48c2-a5dd-4d4b7cc62912\" tabindex=\"0\">\n\t\t\t<h3 class=\"wp-block-ub-content-toggle-accordion-title ub-content-toggle-title-ae4fa643-85b4-48c2-a5dd-4d4b7cc62912\" style=\"color: #000000; \"><strong>Er det mye lekser?<\/strong><\/h3>\n\t\t\t<div class=\"wp-block-ub-content-toggle-accordion-toggle-wrap right\" style=\"color: #000000;\"><span class=\"wp-block-ub-content-toggle-accordion-state-indicator wp-block-ub-chevron-down\"><\/span><\/div>\n\t\t<\/div>\n\t\t\t<div role=\"region\" aria-expanded=\"false\" class=\"wp-block-ub-content-toggle-accordion-content-wrap ub-hide\" id=\"ub-content-toggle-panel-0-ae4fa643-85b4-48c2-a5dd-4d4b7cc62912\">\n<p class=\" eplus-wrapper eplus-styles-uid-a62243\">Ofte g\u00e5s pensum igjennom p\u00e5 skolen og derfor er det ikke mye hjemmelekser for v\u00e5re elever.<\/p>\n<\/div>\n\t\t<\/div>\n<\/div>\n\n<div class=\"wp-block-ub-content-toggle wp-block-ub-content-toggle-block\" id=\"ub-content-toggle-block-8db9e516-aed3-49ce-937e-202faa3d459e\" data-mobilecollapse=\"false\" data-desktopcollapse=\"false\" data-preventcollapse=\"false\" data-showonlyone=\"true\">\n<div class=\"wp-block-ub-content-toggle-accordion\" style=\"border-color: #DCEAE9; \" id=\"ub-content-toggle-panel-block-\">\n\t\t\t<div class=\"wp-block-ub-content-toggle-accordion-title-wrap\" style=\"background-color: #DCEAE9;\" aria-controls=\"ub-content-toggle-panel-0-8db9e516-aed3-49ce-937e-202faa3d459e\" tabindex=\"0\">\n\t\t\t<h3 class=\"wp-block-ub-content-toggle-accordion-title ub-content-toggle-title-8db9e516-aed3-49ce-937e-202faa3d459e\" style=\"color: #000000; \"><strong>Er skolen gratis?<\/strong><\/h3>\n\t\t\t<div class=\"wp-block-ub-content-toggle-accordion-toggle-wrap right\" style=\"color: #000000;\"><span class=\"wp-block-ub-content-toggle-accordion-state-indicator wp-block-ub-chevron-down\"><\/span><\/div>\n\t\t<\/div>\n\t\t\t<div role=\"region\" aria-expanded=\"false\" class=\"wp-block-ub-content-toggle-accordion-content-wrap ub-hide\" id=\"ub-content-toggle-panel-0-8db9e516-aed3-49ce-937e-202faa3d459e\">\n<p class=\" eplus-wrapper eplus-styles-uid-a62243\">Det er gratis \u00e5 g\u00e5 p\u00e5 Seiersborg videreg\u00e5ende skole. Elever l\u00e5ner skoleb\u00f8ker og PC-utstyr av skolen.<\/p>\n<\/div>\n\t\t<\/div>\n<\/div>\n\n<div class=\"wp-block-ub-content-toggle wp-block-ub-content-toggle-block\" id=\"ub-content-toggle-block-7b64ce0f-ea92-44b6-9eb7-1bb6ac7ae494\" data-mobilecollapse=\"false\" data-desktopcollapse=\"false\" data-preventcollapse=\"false\" data-showonlyone=\"true\">\n<div class=\"wp-block-ub-content-toggle-accordion\" style=\"border-color: #DCEAE9; \" id=\"ub-content-toggle-panel-block-\">\n\t\t\t<div class=\"wp-block-ub-content-toggle-accordion-title-wrap\" style=\"background-color: #DCEAE9;\" aria-controls=\"ub-content-toggle-panel-0-7b64ce0f-ea92-44b6-9eb7-1bb6ac7ae494\" tabindex=\"0\">\n\t\t\t<h3 class=\"wp-block-ub-content-toggle-accordion-title ub-content-toggle-title-7b64ce0f-ea92-44b6-9eb7-1bb6ac7ae494\" style=\"color: #000000; \"><strong>Er det gratis skoleskyss til Seiersborg VGS?<\/strong><\/h3>\n\t\t\t<div class=\"wp-block-ub-content-toggle-accordion-toggle-wrap right\" style=\"color: #000000;\"><span class=\"wp-block-ub-content-toggle-accordion-state-indicator wp-block-ub-chevron-down\"><\/span><\/div>\n\t\t<\/div>\n\t\t\t<div role=\"region\" aria-expanded=\"false\" class=\"wp-block-ub-content-toggle-accordion-content-wrap ub-hide\" id=\"ub-content-toggle-panel-0-7b64ce0f-ea92-44b6-9eb7-1bb6ac7ae494\">\n<p class=\" eplus-wrapper eplus-styles-uid-a62243\">Elever som g\u00e5r videreg\u00e5ende skole i \u00d8stfold kan f\u00e5 gratis transport til og fra skolen dersom de bor mer enn 6 km fra skolen, eller har spesielle behov for transport. Elevene m\u00e5 selv s\u00f8ke om skoleskyss n\u00e5r de har f\u00e5tt skoleplass. Dette gj\u00f8res i <a href=\"https:\/\/www.ostfold-kollektiv.no\/skoleskyss\/videregaende-skole\" target=\"_blank\" rel=\"noreferrer noopener\">s\u00f8keportalen<\/a>, som ogs\u00e5 beregner avstand fra hjemstedsadresse til skolen. <\/p>\n<\/div>\n\t\t<\/div>\n\n<div class=\"wp-block-ub-content-toggle-accordion\" style=\"border-color: #DCEAE9; \" id=\"ub-content-toggle-panel-block-\">\n\t\t\t<div class=\"wp-block-ub-content-toggle-accordion-title-wrap\" style=\"background-color: #DCEAE9;\" aria-controls=\"ub-content-toggle-panel-1-7b64ce0f-ea92-44b6-9eb7-1bb6ac7ae494\" tabindex=\"0\">\n\t\t\t<h3 class=\"wp-block-ub-content-toggle-accordion-title ub-content-toggle-title-7b64ce0f-ea92-44b6-9eb7-1bb6ac7ae494\" style=\"color: #000000; \"><strong>Hva er Bl\u00e5punkt?<\/strong><\/h3>\n\t\t\t<div class=\"wp-block-ub-content-toggle-accordion-toggle-wrap right\" style=\"color: #000000;\"><span class=\"wp-block-ub-content-toggle-accordion-state-indicator wp-block-ub-chevron-down\"><\/span><\/div>\n\t\t<\/div>\n\t\t\t<div role=\"region\" aria-expanded=\"false\" class=\"wp-block-ub-content-toggle-accordion-content-wrap ub-hide\" id=\"ub-content-toggle-panel-1-7b64ce0f-ea92-44b6-9eb7-1bb6ac7ae494\">\n<p class=\" eplus-wrapper eplus-styles-uid-a62243\">Bl\u00e5punkt drives av Bl\u00e5 Kors Fredrikstad, og er et fritidstilbud for ungdommer i alderen 16 &#8211; 23 \u00e5r med tilknytning til Seiersborg videreg\u00e5ende skole Fredrikstad. Det tilbys gratis aktiviteter etter skoletid, i helger og skolens ferier. M\u00e5let er \u00e5 gi ungdom gode opplevelser, trygge m\u00f8teplasser, \u00f8kt sosial- og hverdagskompetanse og mestring. Tilbudet er finansiert av en rekke ulike tilskuddsordninger fra b\u00e5de private stiftelser, kommune og stat. Les mer om tilbudet og aktivitetene <a href=\"https:\/\/blaakors.no\/prosjekter\/\" target=\"_blank\" rel=\"noreferrer noopener\">her<\/a>.<\/p>\n<\/div>\n\t\t<\/div>\n<\/div>\n\n<div class=\"wp-block-ub-content-toggle wp-block-ub-content-toggle-block\" id=\"ub-content-toggle-block-eaf4e947-023c-4db8-86db-64b6f496e879\" data-mobilecollapse=\"false\" data-desktopcollapse=\"false\" data-preventcollapse=\"false\" data-showonlyone=\"true\">\n<div class=\"wp-block-ub-content-toggle-accordion\" style=\"border-color: #DCEAE9; \" id=\"ub-content-toggle-panel-block-\">\n\t\t\t<div class=\"wp-block-ub-content-toggle-accordion-title-wrap\" style=\"background-color: #DCEAE9;\" aria-controls=\"ub-content-toggle-panel-0-eaf4e947-023c-4db8-86db-64b6f496e879\" tabindex=\"0\">\n\t\t\t<h3 class=\"wp-block-ub-content-toggle-accordion-title ub-content-toggle-title-eaf4e947-023c-4db8-86db-64b6f496e879\" style=\"color: #000000; \"><strong>Hva vil det si at Seiersborg VGS er en dysleksivennlig skole?<\/strong><\/h3>\n\t\t\t<div class=\"wp-block-ub-content-toggle-accordion-toggle-wrap right\" style=\"color: #000000;\"><span class=\"wp-block-ub-content-toggle-accordion-state-indicator wp-block-ub-chevron-down\"><\/span><\/div>\n\t\t<\/div>\n\t\t\t<div role=\"region\" aria-expanded=\"false\" class=\"wp-block-ub-content-toggle-accordion-content-wrap ub-hide\" id=\"ub-content-toggle-panel-0-eaf4e947-023c-4db8-86db-64b6f496e879\">\n<p class=\" eplus-wrapper eplus-styles-uid-a62243\">Som dysleksivennlig skole er vi opptatt av \u00f8ke v\u00e5r kunnskap om hvordan vi kan m\u00f8te elever med dysleksi, ha gode systemer for kartlegging og oppf\u00f8lging, samt iverksette riktig tiltak for den enkelte elev. <\/p>\n\n<p class=\" eplus-wrapper eplus-styles-uid-a62243\">Det er viktig for oss at ulike l\u00e6revansker er noe vi kan snakke h\u00f8yt om, og at vi l\u00e6rer i et felleskap som inkluderer alle. Det skal v\u00e6re lav terskel for \u00e5 sp\u00f8rre om hjelp og veiledning. Vi som jobber p\u00e5 skolen har fokus p\u00e5 den enkelte elev og \u00f8ker stadig v\u00e5r kompetanse gjennom samarbeid, kurs og erfaring. Les mer <a href=\"https:\/\/seiersborg.vgs.no\/fredrikstad\/dysleksivennlig-skole\/\">her<\/a>.<\/p>\n<\/div>\n\t\t<\/div>\n<\/div>\n\n<div class=\"wp-block-ub-content-toggle wp-block-ub-content-toggle-block\" id=\"ub-content-toggle-block-56f8fdc9-30ef-4efd-8e8b-c58ac06646f7\" data-mobilecollapse=\"false\" data-desktopcollapse=\"false\" data-preventcollapse=\"false\" data-showonlyone=\"true\">\n<div class=\"wp-block-ub-content-toggle-accordion\" style=\"border-color: #DCEAE9; \" id=\"ub-content-toggle-panel-block-\">\n\t\t\t<div class=\"wp-block-ub-content-toggle-accordion-title-wrap\" style=\"background-color: #DCEAE9;\" aria-controls=\"ub-content-toggle-panel-0-56f8fdc9-30ef-4efd-8e8b-c58ac06646f7\" tabindex=\"0\">\n\t\t\t<h3 class=\"wp-block-ub-content-toggle-accordion-title ub-content-toggle-title-56f8fdc9-30ef-4efd-8e8b-c58ac06646f7\" style=\"color: #000000; \"><strong>Er det parkeringsmuligheter p\u00e5 skolen?<\/strong><\/h3>\n\t\t\t<div class=\"wp-block-ub-content-toggle-accordion-toggle-wrap right\" style=\"color: #000000;\"><span class=\"wp-block-ub-content-toggle-accordion-state-indicator wp-block-ub-chevron-down\"><\/span><\/div>\n\t\t<\/div>\n\t\t\t<div role=\"region\" aria-expanded=\"false\" class=\"wp-block-ub-content-toggle-accordion-content-wrap ub-hide\" id=\"ub-content-toggle-panel-0-56f8fdc9-30ef-4efd-8e8b-c58ac06646f7\">\n<p class=\" eplus-wrapper eplus-styles-uid-a62243\">Vi har begrenset med parkeringsmuligheter hos oss og oppfordrer derfor elever til \u00e5 komme med buss. <\/p>\n<\/div>\n\t\t<\/div>\n<\/div>\n\n<div class=\"wp-block-ub-content-toggle wp-block-ub-content-toggle-block\" id=\"ub-content-toggle-block-1281ca13-ab10-4da7-b620-ee3077bbab10\" data-mobilecollapse=\"false\" data-desktopcollapse=\"false\" data-preventcollapse=\"false\" data-showonlyone=\"true\">\n<div class=\"wp-block-ub-content-toggle-accordion\" style=\"border-color: #DCEAE9; \" id=\"ub-content-toggle-panel-block-\">\n\t\t\t<div class=\"wp-block-ub-content-toggle-accordion-title-wrap\" style=\"background-color: #DCEAE9;\" aria-controls=\"ub-content-toggle-panel-0-1281ca13-ab10-4da7-b620-ee3077bbab10\" tabindex=\"0\">\n\t\t\t<h3 class=\"wp-block-ub-content-toggle-accordion-title ub-content-toggle-title-1281ca13-ab10-4da7-b620-ee3077bbab10\" style=\"color: #000000; \"><strong>Hvor og n\u00e5r skal jeg m\u00f8te opp f\u00f8rste skoledag?<\/strong><\/h3>\n\t\t\t<div class=\"wp-block-ub-content-toggle-accordion-toggle-wrap right\" style=\"color: #000000;\"><span class=\"wp-block-ub-content-toggle-accordion-state-indicator wp-block-ub-chevron-down\"><\/span><\/div>\n\t\t<\/div>\n\t\t\t<div role=\"region\" aria-expanded=\"false\" class=\"wp-block-ub-content-toggle-accordion-content-wrap ub-hide\" id=\"ub-content-toggle-panel-0-1281ca13-ab10-4da7-b620-ee3077bbab10\">\n<p class=\" eplus-wrapper eplus-styles-uid-a62243\">Velkommen til skolestart <strong>mandag 18. august<\/strong>. <\/p>\n\n\n<p class=\" eplus-wrapper\">Alle m\u00f8ter i <strong>skolens kantine<\/strong> til f\u00f8lgende oppm\u00f8tetider:<\/p>\n\n\n<ul class=\" eplus-wrapper eplus-styles-uid-07a03b\">\n<li class=\" eplus-wrapper\">Alle <strong>vg1-elever m\u00f8ter kl. 10.00.<\/strong> Dagen avsluttes ca. kl. 11.30<\/li>\n\n\n\n<li class=\" eplus-wrapper\"><strong>Vg2- og vg3-elevene m\u00f8ter kl. 12.00.<\/strong> Dagen avsluttes ca. kl. 13.30<\/li>\n<\/ul>\n\n\n<p class=\" eplus-wrapper\">Har du sp\u00f8rsm\u00e5l ang\u00e5ende nytt skole\u00e5r, s\u00e5 er det bare \u00e5 ta kontakt med en av v\u00e5re r\u00e5dgivere:<\/p>\n\n\n\n<p class=\" eplus-wrapper\">-Siv Karstensen: tlf.948 15161, e-post:\u00a0<a href=\"mailto:siv.karstensen@seiersborg.vgs.no\">siv.karstensen@seiersborg.vgs.no<\/a><\/p>\n\n\n\n<p class=\" eplus-wrapper\">-Mari Grundvig tlf. 951 78701, e-post\u00a0<a href=\"mailto:mari.grundvig@seiersborg.vgs.no\">mari.grundvig@seiersborg.vgs.no<\/a><\/p>\n\n\n\n<p class=\" eplus-wrapper\">-Erik Bentsen tlf. 907 04117, e-post\u00a0<a href=\"mailto:erik.bentsen@seiersborg.vgs.no\">erik.bentsen@seiersborg.vgs.no<\/a><\/p>\n\n<\/div>\n\t\t<\/div>\n<\/div>\n\n<div class=\"wp-block-ub-content-toggle wp-block-ub-content-toggle-block\" id=\"ub-content-toggle-block-e805366a-47b5-443c-a91a-d5ed740bc982\" data-mobilecollapse=\"false\" data-desktopcollapse=\"false\" data-preventcollapse=\"false\" data-showonlyone=\"true\">\n<div class=\"wp-block-ub-content-toggle-accordion\" style=\"border-color: #DCEAE9; \" id=\"ub-content-toggle-panel-block-\">\n\t\t\t<div class=\"wp-block-ub-content-toggle-accordion-title-wrap\" style=\"background-color: #DCEAE9;\" aria-controls=\"ub-content-toggle-panel-0-e805366a-47b5-443c-a91a-d5ed740bc982\" tabindex=\"0\">\n\t\t\t<h3 class=\"wp-block-ub-content-toggle-accordion-title ub-content-toggle-title-e805366a-47b5-443c-a91a-d5ed740bc982\" style=\"color: #000000; \"><strong>F\u00e5r jeg informasjon tilsendt f\u00f8r skolestart?<\/strong><\/h3>\n\t\t\t<div class=\"wp-block-ub-content-toggle-accordion-toggle-wrap right\" style=\"color: #000000;\"><span class=\"wp-block-ub-content-toggle-accordion-state-indicator wp-block-ub-chevron-down\"><\/span><\/div>\n\t\t<\/div>\n\t\t\t<div role=\"region\" aria-expanded=\"false\" class=\"wp-block-ub-content-toggle-accordion-content-wrap ub-hide\" id=\"ub-content-toggle-panel-0-e805366a-47b5-443c-a91a-d5ed740bc982\">\n<p class=\" eplus-wrapper eplus-styles-uid-a62243\">Ja, du som elev vil motta en SMS og en email fra oss i l\u00f8pet av uke 32. Her f\u00e5r du informasjon om oppm\u00f8tetidspunkt og oppm\u00f8tested.<\/p>\n<\/div>\n\t\t<\/div>\n<\/div>\n\n<div class=\"wp-block-ub-content-toggle wp-block-ub-content-toggle-block\" id=\"ub-content-toggle-block-5ad9fe7b-670b-4516-80aa-9a3906ec391c\" data-mobilecollapse=\"false\" data-desktopcollapse=\"false\" data-preventcollapse=\"false\" data-showonlyone=\"true\">\n<div class=\"wp-block-ub-content-toggle-accordion\" style=\"border-color: #DCEAE9; \" id=\"ub-content-toggle-panel-block-\">\n\t\t\t<div class=\"wp-block-ub-content-toggle-accordion-title-wrap\" style=\"background-color: #DCEAE9;\" aria-controls=\"ub-content-toggle-panel-0-5ad9fe7b-670b-4516-80aa-9a3906ec391c\" tabindex=\"0\">\n\t\t\t<h3 class=\"wp-block-ub-content-toggle-accordion-title ub-content-toggle-title-5ad9fe7b-670b-4516-80aa-9a3906ec391c\" style=\"color: #000000; \"><strong>F\u00e5r jeg skolebevis?<\/strong><\/h3>\n\t\t\t<div class=\"wp-block-ub-content-toggle-accordion-toggle-wrap right\" style=\"color: #000000;\"><span class=\"wp-block-ub-content-toggle-accordion-state-indicator wp-block-ub-chevron-down\"><\/span><\/div>\n\t\t<\/div>\n\t\t\t<div role=\"region\" aria-expanded=\"false\" class=\"wp-block-ub-content-toggle-accordion-content-wrap ub-hide\" id=\"ub-content-toggle-panel-0-5ad9fe7b-670b-4516-80aa-9a3906ec391c\">\n<p class=\" eplus-wrapper eplus-styles-uid-a62243\">Ja, du vil f\u00e5 skolebevis digitalt i en app. Vi tar bilder av alle elever 21. og 22. august i skolens gymsal. <\/p>\n\n\n<p class=\" eplus-wrapper\">Plan for fotografering f\u00e5r dere fra kontaktl\u00e6rer.<\/p>\n\n<\/div>\n\t\t<\/div>\n<\/div>\n\n<div class=\"wp-block-ub-content-toggle hide wp-block-ub-content-toggle-block\" id=\"ub-content-toggle-block-38ef8d56-f42b-4553-93ca-0871ff7c2331\" data-mobilecollapse=\"false\" data-desktopcollapse=\"false\" data-preventcollapse=\"false\" data-showonlyone=\"true\">\n<div class=\"wp-block-ub-content-toggle-accordion\" style=\"border-color: #DCEAE9; \" id=\"ub-content-toggle-panel-block-\">\n\t\t\t<div class=\"wp-block-ub-content-toggle-accordion-title-wrap\" style=\"background-color: #DCEAE9;\" aria-controls=\"ub-content-toggle-panel-0-38ef8d56-f42b-4553-93ca-0871ff7c2331\" tabindex=\"0\">\n\t\t\t<h3 class=\"wp-block-ub-content-toggle-accordion-title ub-content-toggle-title-38ef8d56-f42b-4553-93ca-0871ff7c2331\" style=\"color: #000000; \"><strong>Hvilke elever s\u00f8ker hos Seiersborg VGS? Ser dere p\u00e5 karakterer ved inntak?<\/strong><\/h3>\n\t\t\t<div class=\"wp-block-ub-content-toggle-accordion-toggle-wrap right\" style=\"color: #000000;\"><span class=\"wp-block-ub-content-toggle-accordion-state-indicator wp-block-ub-chevron-down\"><\/span><\/div>\n\t\t<\/div>\n\t\t\t<div role=\"region\" aria-expanded=\"false\" class=\"wp-block-ub-content-toggle-accordion-content-wrap ub-hide\" id=\"ub-content-toggle-panel-0-38ef8d56-f42b-4553-93ca-0871ff7c2331\">\n<p class=\" eplus-wrapper eplus-styles-uid-a62243\">Seiersborg videreg\u00e5ende skole er godkjent etter privatskoleloven \u00a7 2-1 f, med s\u00e6rskilt tilrettelagt oppl\u00e6ring for elever med dokumenterte behov. Skolen tilbyr et ordin\u00e6rt utdanningsl\u00f8p som andre offentlige skoler, men vi tilbyr tettere oppf\u00f8lging i et mindre skolemilj\u00f8 og i sm\u00e5 klasser. <\/p>\n\n<p class=\" eplus-wrapper eplus-styles-uid-a62243\">Eleven skal ha variert funksjonsevne og l\u00e6revansker som p\u00e5virker skolehverdagen. Dette skal dokumenteres i et anbefalingsbrev fra fylke eller kommune. Det er derfor ikke karakterer som p\u00e5virker inntaket om skoleplass. <\/p>\n\n<p class=\" eplus-wrapper eplus-styles-uid-a62243\"><a href=\"https:\/\/www.vilbli.no\/nb\/no\/a\/rett-til-videregaende-opplaering-6\">Ungdom  med rett til videreg\u00e5ende oppl\u00e6ring<\/a> og som s\u00f8ker til et fullstendig utdanningsprogram eller programomr\u00e5de vil prioriteres. <\/p>\n<\/div>\n\t\t<\/div>\n<\/div><\/div>\n<\/div><\/div><\/div>\n\n\n\n<div style=\"height:100px\" aria-hidden=\"true\" class=\" wp-block-spacer eplus-wrapper\"><\/div>\n\n\n\n<div class=\" wp-block-group eplus-wrapper is-layout-constrained wp-block-group-is-layout-constrained\"><div class=\"wp-block-group__inner-container\"><div class=\" wp-block-columns eplus-wrapper is-layout-flex wp-container-17 wp-block-columns-is-layout-flex eplus-styles-uid-9f5f2b\">\n<div class=\" wp-block-column eplus-wrapper is-layout-flow wp-block-column-is-layout-flow\">\n<figure class=\" wp-block-image size-large eplus-wrapper\"><img decoding=\"async\" loading=\"lazy\" width=\"1024\" height=\"683\" src=\"https:\/\/seiersborg.vgs.no\/fredrikstad\/wp-content\/uploads\/sites\/1\/2025\/02\/Basel_web-1-1024x683.jpg\" alt=\"\" class=\"wp-image-20620\" srcset=\"https:\/\/seiersborg.vgs.no\/fredrikstad\/wp-content\/uploads\/sites\/1\/2025\/02\/Basel_web-1-1024x683.jpg 1024w, https:\/\/seiersborg.vgs.no\/fredrikstad\/wp-content\/uploads\/sites\/1\/2025\/02\/Basel_web-1-300x200.jpg 300w, https:\/\/seiersborg.vgs.no\/fredrikstad\/wp-content\/uploads\/sites\/1\/2025\/02\/Basel_web-1-768x512.jpg 768w, https:\/\/seiersborg.vgs.no\/fredrikstad\/wp-content\/uploads\/sites\/1\/2025\/02\/Basel_web-1-1536x1024.jpg 1536w, https:\/\/seiersborg.vgs.no\/fredrikstad\/wp-content\/uploads\/sites\/1\/2025\/02\/Basel_web-1.jpg 1600w\" sizes=\"(max-width: 1024px) 100vw, 1024px\" \/><\/figure>\n<\/div>\n<\/div><\/div><\/div>\n\n\n\n<div style=\"height:100px\" aria-hidden=\"true\" class=\" wp-block-spacer eplus-wrapper\"><\/div>\n","protected":false},"excerpt":{"rendered":"<p>Vanlige sp\u00f8rsm\u00e5l (Q&amp;A) Vi vet det er en del \u00e5 tenke p\u00e5 n\u00e5r du skal velge skole. Derfor har vi samlet svar p\u00e5 de vanligste sp\u00f8rsm\u00e5lene her. Her gir vi deg noen svar p\u00e5 det du kanskje lurer p\u00e5. Om du ikke finner svar p\u00e5 ditt sp\u00f8rsm\u00e5l er det bare til \u00e5 ta kontakt med [&hellip;]<\/p>\n","protected":false},"author":6,"featured_media":0,"parent":0,"menu_order":0,"comment_status":"closed","ping_status":"closed","template":"","meta":{"inline_featured_image":false,"editor_plus_copied_stylings":"{}","footnotes":""},"featured_image_src":null,"yoast_head":"<!-- This site is optimized with the Yoast SEO plugin v21.0 - https:\/\/yoast.com\/wordpress\/plugins\/seo\/ -->\n<title>Ofte stilte sp\u00f8rsm\u00e5l (Q&amp;A) - Fredrikstad<\/title>\n<meta name=\"robots\" content=\"index, follow, max-snippet:-1, max-image-preview:large, max-video-preview:-1\" \/>\n<link rel=\"canonical\" href=\"https:\/\/seiersborg.vgs.no\/fredrikstad\/ofte-stilte-sporsmal-qa\/\" \/>\n<meta property=\"og:locale\" content=\"nb_NO\" \/>\n<meta property=\"og:type\" content=\"article\" \/>\n<meta property=\"og:title\" content=\"Ofte stilte sp\u00f8rsm\u00e5l (Q&amp;A) - Fredrikstad\" \/>\n<meta property=\"og:description\" content=\"Vanlige sp\u00f8rsm\u00e5l (Q&amp;A) Vi vet det er en del \u00e5 tenke p\u00e5 n\u00e5r du skal velge skole. Derfor har vi samlet svar p\u00e5 de vanligste sp\u00f8rsm\u00e5lene her. Her gir vi deg noen svar p\u00e5 det du kanskje lurer p\u00e5. Om du ikke finner svar p\u00e5 ditt sp\u00f8rsm\u00e5l er det bare til \u00e5 ta kontakt med [&hellip;]\" \/>\n<meta property=\"og:url\" content=\"https:\/\/seiersborg.vgs.no\/fredrikstad\/ofte-stilte-sporsmal-qa\/\" \/>\n<meta property=\"og:site_name\" content=\"Fredrikstad\" \/>\n<meta property=\"article:modified_time\" content=\"2026-02-16T11:40:18+00:00\" \/>\n<meta property=\"og:image\" content=\"https:\/\/seiersborg.vgs.no\/fredrikstad\/wp-content\/uploads\/sites\/1\/2023\/08\/arrow-circle-down.svg\" \/>\n<meta name=\"twitter:card\" content=\"summary_large_image\" \/>\n<meta name=\"twitter:label1\" content=\"Ansl. lesetid\" \/>\n\t<meta name=\"twitter:data1\" content=\"5 minutter\" \/>\n<script type=\"application\/ld+json\" class=\"yoast-schema-graph\">{\"@context\":\"https:\/\/schema.org\",\"@graph\":[{\"@type\":\"WebPage\",\"@id\":\"https:\/\/seiersborg.vgs.no\/fredrikstad\/ofte-stilte-sporsmal-qa\/\",\"url\":\"https:\/\/seiersborg.vgs.no\/fredrikstad\/ofte-stilte-sporsmal-qa\/\",\"name\":\"Ofte stilte sp\u00f8rsm\u00e5l (Q&A) - Fredrikstad\",\"isPartOf\":{\"@id\":\"https:\/\/seiersborg.vgs.no\/fredrikstad\/#website\"},\"datePublished\":\"2025-02-03T09:37:57+00:00\",\"dateModified\":\"2026-02-16T11:40:18+00:00\",\"breadcrumb\":{\"@id\":\"https:\/\/seiersborg.vgs.no\/fredrikstad\/ofte-stilte-sporsmal-qa\/#breadcrumb\"},\"inLanguage\":\"nb-NO\",\"potentialAction\":[{\"@type\":\"ReadAction\",\"target\":[\"https:\/\/seiersborg.vgs.no\/fredrikstad\/ofte-stilte-sporsmal-qa\/\"]}]},{\"@type\":\"BreadcrumbList\",\"@id\":\"https:\/\/seiersborg.vgs.no\/fredrikstad\/ofte-stilte-sporsmal-qa\/#breadcrumb\",\"itemListElement\":[{\"@type\":\"ListItem\",\"position\":1,\"name\":\"Hjem\",\"item\":\"https:\/\/seiersborg.vgs.no\/fredrikstad\/\"},{\"@type\":\"ListItem\",\"position\":2,\"name\":\"Ofte stilte sp\u00f8rsm\u00e5l (Q&#038;A)\"}]},{\"@type\":\"WebSite\",\"@id\":\"https:\/\/seiersborg.vgs.no\/fredrikstad\/#website\",\"url\":\"https:\/\/seiersborg.vgs.no\/fredrikstad\/\",\"name\":\"Fredrikstad\",\"description\":\"\",\"potentialAction\":[{\"@type\":\"SearchAction\",\"target\":{\"@type\":\"EntryPoint\",\"urlTemplate\":\"https:\/\/seiersborg.vgs.no\/fredrikstad\/?s={search_term_string}\"},\"query-input\":\"required name=search_term_string\"}],\"inLanguage\":\"nb-NO\"}]}<\/script>\n<!-- \/ Yoast SEO plugin. -->","yoast_head_json":{"title":"Ofte stilte sp\u00f8rsm\u00e5l (Q&A) - Fredrikstad","robots":{"index":"index","follow":"follow","max-snippet":"max-snippet:-1","max-image-preview":"max-image-preview:large","max-video-preview":"max-video-preview:-1"},"canonical":"https:\/\/seiersborg.vgs.no\/fredrikstad\/ofte-stilte-sporsmal-qa\/","og_locale":"nb_NO","og_type":"article","og_title":"Ofte stilte sp\u00f8rsm\u00e5l (Q&A) - Fredrikstad","og_description":"Vanlige sp\u00f8rsm\u00e5l (Q&amp;A) Vi vet det er en del \u00e5 tenke p\u00e5 n\u00e5r du skal velge skole. Derfor har vi samlet svar p\u00e5 de vanligste sp\u00f8rsm\u00e5lene her. Her gir vi deg noen svar p\u00e5 det du kanskje lurer p\u00e5. Om du ikke finner svar p\u00e5 ditt sp\u00f8rsm\u00e5l er det bare til \u00e5 ta kontakt med [&hellip;]","og_url":"https:\/\/seiersborg.vgs.no\/fredrikstad\/ofte-stilte-sporsmal-qa\/","og_site_name":"Fredrikstad","article_modified_time":"2026-02-16T11:40:18+00:00","og_image":[{"url":"https:\/\/seiersborg.vgs.no\/fredrikstad\/wp-content\/uploads\/sites\/1\/2023\/08\/arrow-circle-down.svg"}],"twitter_card":"summary_large_image","twitter_misc":{"Ansl. lesetid":"5 minutter"},"schema":{"@context":"https:\/\/schema.org","@graph":[{"@type":"WebPage","@id":"https:\/\/seiersborg.vgs.no\/fredrikstad\/ofte-stilte-sporsmal-qa\/","url":"https:\/\/seiersborg.vgs.no\/fredrikstad\/ofte-stilte-sporsmal-qa\/","name":"Ofte stilte sp\u00f8rsm\u00e5l (Q&A) - Fredrikstad","isPartOf":{"@id":"https:\/\/seiersborg.vgs.no\/fredrikstad\/#website"},"datePublished":"2025-02-03T09:37:57+00:00","dateModified":"2026-02-16T11:40:18+00:00","breadcrumb":{"@id":"https:\/\/seiersborg.vgs.no\/fredrikstad\/ofte-stilte-sporsmal-qa\/#breadcrumb"},"inLanguage":"nb-NO","potentialAction":[{"@type":"ReadAction","target":["https:\/\/seiersborg.vgs.no\/fredrikstad\/ofte-stilte-sporsmal-qa\/"]}]},{"@type":"BreadcrumbList","@id":"https:\/\/seiersborg.vgs.no\/fredrikstad\/ofte-stilte-sporsmal-qa\/#breadcrumb","itemListElement":[{"@type":"ListItem","position":1,"name":"Hjem","item":"https:\/\/seiersborg.vgs.no\/fredrikstad\/"},{"@type":"ListItem","position":2,"name":"Ofte stilte sp\u00f8rsm\u00e5l (Q&#038;A)"}]},{"@type":"WebSite","@id":"https:\/\/seiersborg.vgs.no\/fredrikstad\/#website","url":"https:\/\/seiersborg.vgs.no\/fredrikstad\/","name":"Fredrikstad","description":"","potentialAction":[{"@type":"SearchAction","target":{"@type":"EntryPoint","urlTemplate":"https:\/\/seiersborg.vgs.no\/fredrikstad\/?s={search_term_string}"},"query-input":"required name=search_term_string"}],"inLanguage":"nb-NO"}]}},"_links":{"self":[{"href":"https:\/\/seiersborg.vgs.no\/fredrikstad\/wp-json\/wp\/v2\/pages\/20420"}],"collection":[{"href":"https:\/\/seiersborg.vgs.no\/fredrikstad\/wp-json\/wp\/v2\/pages"}],"about":[{"href":"https:\/\/seiersborg.vgs.no\/fredrikstad\/wp-json\/wp\/v2\/types\/page"}],"author":[{"embeddable":true,"href":"https:\/\/seiersborg.vgs.no\/fredrikstad\/wp-json\/wp\/v2\/users\/6"}],"replies":[{"embeddable":true,"href":"https:\/\/seiersborg.vgs.no\/fredrikstad\/wp-json\/wp\/v2\/comments?post=20420"}],"version-history":[{"count":38,"href":"https:\/\/seiersborg.vgs.no\/fredrikstad\/wp-json\/wp\/v2\/pages\/20420\/revisions"}],"predecessor-version":[{"id":21434,"href":"https:\/\/seiersborg.vgs.no\/fredrikstad\/wp-json\/wp\/v2\/pages\/20420\/revisions\/21434"}],"wp:attachment":[{"href":"https:\/\/seiersborg.vgs.no\/fredrikstad\/wp-json\/wp\/v2\/media?parent=20420"}],"curies":[{"name":"wp","href":"https:\/\/api.w.org\/{rel}","templated":true}]}}